{"id":219,"date":"2021-04-06T15:55:33","date_gmt":"2021-04-06T15:55:33","guid":{"rendered":"https:\/\/institutopilar.org.br\/site\/?page_id=219"},"modified":"2021-04-07T16:23:41","modified_gmt":"2021-04-07T16:23:41","slug":"seas","status":"publish","type":"page","link":"https:\/\/institutopilar.org.br\/site\/?page_id=219","title":{"rendered":"SEAS"},"content":{"rendered":"[vc_row][vc_column][mk_padding_divider][\/vc_column][\/vc_row][vc_row][vc_column][mk_fancy_title font_family=&#8221;none&#8221;]\r\n<h1><strong>SEAS<\/strong><\/h1>\r\n[\/mk_fancy_title][vc_column_text css=&#8221;.vc_custom_1617751479301{margin-bottom: 0px !important;}&#8221;]\r\n<p style=\"text-align: justify;\">O Servi\u00e7o Especializado de Abordagem Social \u00e0s Pessoas em Situa\u00e7\u00e3o de Rua\u2013 modalidade SEAS I e II \u00e9 um Servi\u00e7o referenciado ao Centro de Refer\u00eancia Especializado da Assist\u00eancia Social \u2013 CREAS com a finalidade de assegurar trabalho social de busca ativa e abordagem nas ruas, identificando nos territ\u00f3rios a incid\u00eancia de trabalho infantil, viol\u00eancia, abuso e explora\u00e7\u00e3o sexual de crian\u00e7as e adolescentes, pessoas em situa\u00e7\u00e3o de rua e outras.<\/p>\r\n<p style=\"text-align: justify;\"><\/p>\r\n<p style=\"text-align: justify;\">Dever\u00e3o ser considerados todos os logradouros p\u00fablicos onde se verifica a\u00a0 incid\u00eancia de indiv\u00edduos nas condi\u00e7\u00f5es acima, tais como pra\u00e7as, locais de com\u00e9rcio, viadutos, terminais de \u00f4nibus, trens, metr\u00f4 entre outros. O servi\u00e7o dever\u00e1 tamb\u00e9m oferecer atendimento \u00e0s solicita\u00e7\u00f5es de mun\u00edcipes.<\/p>\r\n<p style=\"text-align: justify;\"><\/p>\r\n<p style=\"text-align: justify;\">Esse servi\u00e7o est\u00e1 vinculado ao CREAS e mant\u00e9m rela\u00e7\u00e3o direta com a equipe t\u00e9cnica deste Centro, que dever\u00e1 operar a refer\u00eancia e a contra-refer\u00eancia com a rede de servi\u00e7os socioassistenciais da prote\u00e7\u00e3o social b\u00e1sica e especial e com o Poder Judici\u00e1rio, Minist\u00e9rio P\u00fablico, Defensoria P\u00fablica, Conselhos Tutelares, outras Organiza\u00e7\u00f5es de Defesa de Direitos e demais pol\u00edticas p\u00fablicas, no intuito de estruturar uma rede efetiva de prote\u00e7\u00e3o social.<\/p>\r\n[\/vc_column_text][\/vc_column][\/vc_row][vc_row][vc_column][mk_padding_divider][mk_fancy_title font_family=&#8221;none&#8221;]\r\n<h1><strong>Objetivos<\/strong><\/h1>\r\n[\/mk_fancy_title][\/vc_column][\/vc_row][vc_section][vc_row][vc_column blend_mode=&#8221;lighten&#8221; width=&#8221;1\/2&#8243;][mk_image_switch src_first=&#8221;http:\/\/institutopilar.org.br\/site\/wp-content\/uploads\/2021\/04\/20200811_145232-1.jpg&#8221; src_second=&#8221;http:\/\/institutopilar.org.br\/site\/wp-content\/uploads\/2021\/04\/home-bg-03.jpg&#8221; hover_animation=&#8221;fading&#8221; image_height=&#8221;800&#8243; align=&#8221;center&#8221; animation=&#8221;fade-in&#8221;][\/vc_column][vc_column width=&#8221;1\/2&#8243;][vc_column_text css=&#8221;.vc_custom_1617812483753{margin-bottom: 0px !important;}&#8221;]\r\n<p style=\"text-align: justify;\"><strong>Objetivo Geral :<\/strong><\/p>\r\n<p style=\"text-align: justify;\">Desencadear o processo de sa\u00edda das ruas e promover o retorno familiar e comunit\u00e1rio, al\u00e9m do acesso \u00e0 rede de servi\u00e7os socioassistenciais e \u00e0s demais pol\u00edticas p\u00fablicas.<\/p>\r\n<p style=\"text-align: justify;\"><strong>Objetivos espec\u00edficos:<\/strong><\/p>\r\n<ul>\r\n<li style=\"text-align: justify;\">Realizar diagn\u00f3stico territorial identificando pontos de concentra\u00e7\u00e3o de pessoas em situa\u00e7\u00e3o de rua, situa\u00e7\u00e3o de trabalho infantil, al\u00e9m da viol\u00eancia, abuso e explora\u00e7\u00e3o sexual de crian\u00e7as e adolescentes, por faixa et\u00e1ria e sua din\u00e2mica, tendo como refer\u00eancia tamb\u00e9m, os dados do \u00faltimo censo oficial realizado pela SMADS, por interm\u00e9dio de institui\u00e7\u00e3o espec\u00edfica;<\/li>\r\n<li style=\"text-align: justify;\">Identificar as fam\u00edlias e indiv\u00edduos com direitos violados, a natureza dos riscos e das situa\u00e7\u00f5es de abandono, as condi\u00e7\u00f5es em que vivem as pessoas nas ruas, as causas de sua perman\u00eancia, estrat\u00e9gias de sobreviv\u00eancia, proced\u00eancias, aspira\u00e7\u00f5es, desejos e rela\u00e7\u00f5es estabelecidas com as institui\u00e7\u00f5es;<\/li>\r\n<li style=\"text-align: justify;\">Promover a\u00e7\u00f5es de sensibiliza\u00e7\u00e3o para a divulga\u00e7\u00e3o do trabalho realizado, direitos e necessidades de inclus\u00e3o social e estabelecimento de parcerias na \u00e1rea de abrang\u00eancia do servi\u00e7o;<\/li>\r\n<li style=\"text-align: justify;\">Articular com os atores locais as a\u00e7\u00f5es de atendimento;<\/li>\r\n<li style=\"text-align: justify;\">Promover prioritariamente, a\u00e7\u00f5es para a reinser\u00e7\u00e3o familiar e comunit\u00e1ria e na rede socioassistencial.<\/li>\r\n<\/ul>\r\n[\/vc_column_text][\/vc_column][\/vc_row][vc_row][vc_column][mk_fancy_title font_family=&#8221;none&#8221;]\r\n<h1><strong>Unidades<\/strong><\/h1>\r\n[\/mk_fancy_title][vc_accordions open_toggle=&#8221;-1&#8243;][vc_accordion_tab icon=&#8221;mk-moon-arrow-right-2&#8243; title=&#8221;SEAS Vila Mariana&#8221;][mk_fancy_title font_family=&#8221;none&#8221;]\r\n<h2><strong>SEAS \u2013 Vila Mariana<\/strong><\/h2>\r\n[\/mk_fancy_title][vc_column_text css=&#8221;.vc_custom_1617752007677{margin-bottom: 0px !important;}&#8221;]\r\n<p><strong>Distritos de Abrangencia:\u00a0<\/strong>Vila Mariana, Sa\u00fade e Moema<\/p>\r\n<p><strong>Meta de atendimento:<\/strong>\u00a0140 vagas sendo 100 vagas\/adultos e 40 vagas\/crian\u00e7as e adolescentes<\/p>\r\n<p><strong>Email:<\/strong>\u00a0<a href=\"mailto:seasvm@institutopilar.org.br\">seasvm@institutopilar.org.br<\/a><\/p>\r\n<p><strong>Fone:<\/strong>\u00a03294-4576<\/p>\r\n[\/vc_column_text][\/vc_accordion_tab][vc_accordion_tab icon=&#8221;mk-moon-arrow-right-2&#8243; title=&#8221;SEAS Santana&#8221;][mk_fancy_title font_family=&#8221;none&#8221;]\r\n<h2><strong>SEAS Santana<\/strong><\/h2>\r\n[\/mk_fancy_title][vc_column_text css=&#8221;.vc_custom_1617752362451{margin-bottom: 0px !important;}&#8221;]\r\n<p><strong>Distritos de Abrang\u00eancia:\u00a0<\/strong>Santana, Mandaqui e Tucuruvi<\/p>\r\n<p><strong>Meta de atendimento:\u00a0<\/strong>480 vagas sendo 100 vagas\/adultos e 40 vagas\/crian\u00e7as e adolescentes<\/p>\r\n<p><strong>Email:\u00a0<\/strong><a href=\"mailto:seasst@institutopilar.org.br\">seasst@institutopilar.org.br<\/a><\/p>\r\n<p><strong>Fone:<\/strong>\u00a02978-5557<\/p>\r\n[\/vc_column_text][\/vc_accordion_tab][vc_accordion_tab icon=&#8221;mk-moon-arrow-right-2&#8243; title=&#8221;SEAS Ipiranga&#8221;][mk_fancy_title font_family=&#8221;none&#8221;]\r\n<h2><strong>SEAS Ipiranga<\/strong><\/h2>\r\n[\/mk_fancy_title][vc_column_text css=&#8221;.vc_custom_1617752656779{margin-bottom: 0px !important;}&#8221;]\r\n<p><strong>Distritos de Abrang\u00eancia:\u00a0<\/strong>Ipiranga, Cursino e Sacom\u00e3<\/p>\r\n<p><strong>Meta de atendimento:<\/strong>\u00a0140 vagas sendo 100 vagas\/adultos e 40 vagas\/crian\u00e7as e adolescentes<\/p>\r\n<p><strong>Email:\u00a0<\/strong><a href=\"mailto:seasipiranga@institutopilar.org.br\">seasipiranga@institutopilar.org.br<\/a><\/p>\r\n<p><strong>Fone:<\/strong>\u00a02532-2660<\/p>\r\n<p><strong><em><u>Horario de funcionamento<\/u><\/em>:\u00a0<\/strong>08h00 \u00e0s 22h00<\/p>\r\n[\/vc_column_text][\/vc_accordion_tab][vc_accordion_tab icon=&#8221;mk-moon-arrow-right-2&#8243; title=&#8221;SEAS Campo Limpo&#8221;][mk_fancy_title font_family=&#8221;none&#8221;]\r\n<h2><strong>SEAS Campo Limpo<\/strong><\/h2>\r\n[\/mk_fancy_title][vc_column_text css=&#8221;.vc_custom_1617752826118{margin-bottom: 0px !important;}&#8221;]\r\n<p><strong>Distritos de Abrang\u00eancia:\u00a0<\/strong>Campo Limpo, Vila Andrade e Cap\u00e3o Redondo<\/p>\r\n<p><strong><em>Meta de atendimento:<\/em><\/strong><strong>\u00a0<\/strong>140 vagas sendo 100 vagas\/adultos e 40 vagas\/crian\u00e7as e adolescentes<\/p>\r\n<p><strong><em>Email:<\/em><\/strong><strong>\u00a0<\/strong><a href=\"mailto:seascl@institutopilar.org.br\">seascl@institutopilar.org.br<\/a><\/p>\r\n<p><strong><em>Fone:<\/em><\/strong>\u00a05814-7000<\/p>\r\n<p><strong><em>Hor\u00e1rio de funcionamento:<\/em><\/strong>\u00a008h00 \u00e0s 22h00<\/p>\r\n[\/vc_column_text][\/vc_accordion_tab][vc_accordion_tab icon=&#8221;mk-moon-arrow-right-2&#8243; title=&#8221;SEAS M\u00b4Boi Mirim&#8221;][mk_fancy_title font_family=&#8221;none&#8221;]\r\n<h2><strong>SEAS M\u00b4Boi Mirim<\/strong><\/h2>\r\n[\/mk_fancy_title][vc_column_text css=&#8221;.vc_custom_1617753031461{margin-bottom: 0px !important;}&#8221;]\r\n<p><strong>Distritos de Abrang\u00eancia:\u00a0<\/strong>Jardim \u00c2ngela e Jardim S\u00e3o Luiz<\/p>\r\n<p><strong><em>Meta de atendimento:<\/em><\/strong><strong>\u00a0<\/strong>140 vagas sendo 100 vagas\/adultos e 40 vagas\/crian\u00e7as e adolescentes<\/p>\r\n<p><strong><em>Email:<\/em><\/strong><strong>\u00a0<\/strong><a href=\"mailto:seasmb@institutopilar.org.br\">seasmb@institutopilar.org.br<\/a><\/p>\r\n<p><strong><em>Fone:<\/em><\/strong><\/p>\r\n<p><strong><em>Hor\u00e1rio de funcionamento:<\/em><\/strong>\u00a008h00 \u00e0s 22h00<\/p>\r\n[\/vc_column_text][\/vc_accordion_tab][\/vc_accordions][\/vc_column][\/vc_row][\/vc_section]","protected":false},"excerpt":{"rendered":"<p>[vc_row][vc_column][mk_padding_divider][\/vc_column][\/vc_row][vc_row][vc_column][mk_fancy_title font_family=&#8221;none&#8221;] SEAS [\/mk_fancy_title][vc_column_text css=&#8221;.vc_custom_1617751479301{margin-bottom: 0px !important;}&#8221;] O Servi\u00e7o Especializado de Abordagem Social \u00e0s Pessoas em Situa\u00e7\u00e3o de Rua\u2013 modalidade SEAS I e II \u00e9 um Servi\u00e7o referenciado ao Centro de Refer\u00eancia Especializado da Assist\u00eancia Social \u2013 CREAS com a finalidade de assegurar trabalho social de busca ativa e abordagem nas ruas, identificando nos territ\u00f3rios [&hellip;]<\/p>\n","protected":false},"author":1,"featured_media":0,"parent":0,"menu_order":0,"comment_status":"closed","ping_status":"closed","template":"","meta":{"footnotes":""},"class_list":["post-219","page","type-page","status-publish","hentry"],"_links":{"self":[{"href":"https:\/\/institutopilar.org.br\/site\/index.php?rest_route=\/wp\/v2\/pages\/219","targetHints":{"allow":["GET"]}}],"collection":[{"href":"https:\/\/institutopilar.org.br\/site\/index.php?rest_route=\/wp\/v2\/pages"}],"about":[{"href":"https:\/\/institutopilar.org.br\/site\/index.php?rest_route=\/wp\/v2\/types\/page"}],"author":[{"embeddable":true,"href":"https:\/\/institutopilar.org.br\/site\/index.php?rest_route=\/wp\/v2\/users\/1"}],"replies":[{"embeddable":true,"href":"https:\/\/institutopilar.org.br\/site\/index.php?rest_route=%2Fwp%2Fv2%2Fcomments&post=219"}],"version-history":[{"count":35,"href":"https:\/\/institutopilar.org.br\/site\/index.php?rest_route=\/wp\/v2\/pages\/219\/revisions"}],"predecessor-version":[{"id":435,"href":"https:\/\/institutopilar.org.br\/site\/index.php?rest_route=\/wp\/v2\/pages\/219\/revisions\/435"}],"wp:attachment":[{"href":"https:\/\/institutopilar.org.br\/site\/index.php?rest_route=%2Fwp%2Fv2%2Fmedia&parent=219"}],"curies":[{"name":"wp","href":"https:\/\/api.w.org\/{rel}","templated":true}]}}