{"id":538,"date":"2021-04-08T20:45:14","date_gmt":"2021-04-08T20:45:14","guid":{"rendered":"https:\/\/institutopilar.org.br\/site\/?page_id=538"},"modified":"2021-04-08T20:45:41","modified_gmt":"2021-04-08T20:45:41","slug":"centro-para-juventude","status":"publish","type":"page","link":"https:\/\/institutopilar.org.br\/site\/?page_id=538","title":{"rendered":"CENTRO PARA JUVENTUDE"},"content":{"rendered":"[vc_row][vc_column][mk_fancy_title font_family=&#8221;none&#8221;]<strong>SERVI\u00c7O DE CONVIV\u00caNCIA E FORTALECIMENTO DE V\u00cdNCULOS \/ SCFV<br \/>\nCENTRO PARA JUVENTUDE &#8211; CJ<br \/>\nN\u00daCLEO SOCIOAPRENDIZAGEM<\/strong>[\/mk_fancy_title][vc_column_text css=&#8221;.vc_custom_1617914505748{margin-bottom: 0px !important;}&#8221;]\n<p style=\"text-align: justify;\"><strong>REFER\u00caNCIA LEGAL: PORTARIA 46\/SMADS\/2010<\/strong><\/p>\n<h2 style=\"text-align: justify;\"><strong>Caracteriza\u00e7\u00e3o do servi\u00e7o<\/strong>:<\/h2>\n<p style=\"text-align: justify;\">Desenvolvimento de atividades com adolescentes de 15 a 17 anos e onze meses, tendo por foco a constitui\u00e7\u00e3o de espa\u00e7o de conviv\u00eancia, a partir dos interesses, demandas e potencialidades dessa faixa et\u00e1ria. As interven\u00e7\u00f5es devem ser pautadas em experi\u00eancias l\u00fadicas, culturais e esportivas como formas de express\u00e3o, intera\u00e7\u00e3o, aprendizagem, sociabilidade e prote\u00e7\u00e3o social. Deve atender, prioritariamente, adolescentes com defici\u00eancia, egressos do trabalho infantil e\/ou submetidas a outras viola\u00e7\u00f5es de direitos, cujas atividades que contribuam para resignificar viv\u00eancias de isolamento, bem como propiciar experi\u00eancias favorecedoras do desenvolvimento de sociabilidades e preven\u00e7\u00e3o de situa\u00e7\u00f5es de risco social.<\/p>\n[\/vc_column_text][\/vc_column][\/vc_row][vc_section][vc_row][vc_column width=&#8221;1\/2&#8243;][mk_fancy_title font_family=&#8221;none&#8221;]<strong>P\u00fablico Alvo<\/strong>[\/mk_fancy_title][vc_column_text css=&#8221;.vc_custom_1617914550764{margin-bottom: 0px !important;}&#8221;]\n<ul>\n<li style=\"text-align: justify;\">Adolescentes fora da escola;<\/li>\n<li style=\"text-align: justify;\">Adolescentes egressos do Programa de Erradica\u00e7\u00e3o do Trabalho Infantil;<\/li>\n<li style=\"text-align: justify;\">Adolescentes egressos e\/ou vinculados a programas de combate \u00e0 viol\u00eancia e ao abuso e \u00e0 explora\u00e7\u00e3o sexual;<\/li>\n<li style=\"text-align: justify;\">Adolescentes oriundos de fam\u00edlias benefici\u00e1rias de programas de transfer\u00eancia de renda;<\/li>\n<li style=\"text-align: justify;\">Adolescentes com defici\u00eancia, benefici\u00e1rios ou n\u00e3o do BPC;<\/li>\n<li style=\"text-align: justify;\">Adolescentes em situa\u00e7\u00e3o de risco e vulnerabilidade.<\/li>\n<\/ul>\n[\/vc_column_text][\/vc_column][vc_column width=&#8221;1\/2&#8243;][\/vc_column][\/vc_row][\/vc_section][vc_row][vc_column][mk_fancy_title font_family=&#8221;none&#8221;]<strong>Objetivos<\/strong>[\/mk_fancy_title][vc_column_text css=&#8221;.vc_custom_1617914622632{margin-bottom: 0px !important;}&#8221;]\n<p style=\"text-align: justify;\">Oferecer prote\u00e7\u00e3o social aos adolescentes em situa\u00e7\u00e3o de vulnerabilidade e risco, por meio do desenvolvimento de suas compet\u00eancias, bem como favorecer aquisi\u00e7\u00f5es para a conquista da autonomia e inser\u00e7\u00e3o social, estimulando a participa\u00e7\u00e3o na vida p\u00fablica da comunidade.<\/p>\n<p style=\"text-align: justify;\"><strong>Objetivos espec\u00edficos:<\/strong><\/p>\n<ul>\n<li style=\"text-align: justify;\">Possibilitar o conhecimento do mundo do trabalho;<\/li>\n<li style=\"text-align: justify;\">Promover o acesso aos servi\u00e7os das pol\u00edticas p\u00fablicas de trabalho, cultura, esporte e lazer, em especial educa\u00e7\u00e3o e sa\u00fade;<\/li>\n<li style=\"text-align: justify;\">Disponibilizar informa\u00e7\u00f5es sobre direitos e participa\u00e7\u00e3o, oportunizando o exerc\u00edcio de cidadania;<\/li>\n<li style=\"text-align: justify;\">Favorecer o desenvolvimento de atividades intergeracionais, propiciando trocas de experi\u00eancias e viv\u00eancias, fortalecendo o respeito, a solidariedade e os v\u00ednculos familiares e comunit\u00e1rios;<\/li>\n<li style=\"text-align: justify;\">Possibilitar a amplia\u00e7\u00e3o do universo informacional, art\u00edstico e cultural, bem como estimular o desenvolvimento de potencialidades, habilidades, talentos e propiciar sua forma\u00e7\u00e3o cidad\u00e3;<\/li>\n<li style=\"text-align: justify;\">Incentivar a participa\u00e7\u00e3o na vida cotidiana do territ\u00f3rio, desenvolvendo compet\u00eancias para a compreens\u00e3o cr\u00edtica da realidade social e do mundo contempor\u00e2neo.<\/li>\n<\/ul>\n[\/vc_column_text][vc_column_text css=&#8221;.vc_custom_1617914701499{margin-bottom: 0px !important;}&#8221;]<strong>Meta de Atendimento<\/strong>: 90 adolescentes e jovens<\/p>\n<p><strong>Distritos de abrang\u00eancia:<\/strong> Jd. \u00c2ngela<\/p>\n<p><strong>Email:<\/strong> <a href=\"mailto:cjpilar@institutopilar.org.br\">cjpilar@institutopilar.org.br<\/a><\/p>\n<p><strong>Fone:<\/strong> 2761-5677[\/vc_column_text][\/vc_column][\/vc_row]\n","protected":false},"excerpt":{"rendered":"<p>[vc_row][vc_column][mk_fancy_title font_family=&#8221;none&#8221;]SERVI\u00c7O DE CONVIV\u00caNCIA E FORTALECIMENTO DE V\u00cdNCULOS \/ SCFV CENTRO PARA JUVENTUDE &#8211; CJ N\u00daCLEO SOCIOAPRENDIZAGEM[\/mk_fancy_title][vc_column_text css=&#8221;.vc_custom_1617914505748{margin-bottom: 0px !important;}&#8221;] REFER\u00caNCIA LEGAL: PORTARIA 46\/SMADS\/2010 Caracteriza\u00e7\u00e3o do servi\u00e7o: Desenvolvimento de atividades com adolescentes de 15 a 17 anos e onze meses, tendo por foco a constitui\u00e7\u00e3o de espa\u00e7o de conviv\u00eancia, a partir dos interesses, demandas e [&hellip;]<\/p>\n","protected":false},"author":1,"featured_media":0,"parent":0,"menu_order":4,"comment_status":"closed","ping_status":"closed","template":"","meta":{"footnotes":""},"class_list":["post-538","page","type-page","status-publish","hentry"],"_links":{"self":[{"href":"https:\/\/institutopilar.org.br\/site\/index.php?rest_route=\/wp\/v2\/pages\/538","targetHints":{"allow":["GET"]}}],"collection":[{"href":"https:\/\/institutopilar.org.br\/site\/index.php?rest_route=\/wp\/v2\/pages"}],"about":[{"href":"https:\/\/institutopilar.org.br\/site\/index.php?rest_route=\/wp\/v2\/types\/page"}],"author":[{"embeddable":true,"href":"https:\/\/institutopilar.org.br\/site\/index.php?rest_route=\/wp\/v2\/users\/1"}],"replies":[{"embeddable":true,"href":"https:\/\/institutopilar.org.br\/site\/index.php?rest_route=%2Fwp%2Fv2%2Fcomments&post=538"}],"version-history":[{"count":1,"href":"https:\/\/institutopilar.org.br\/site\/index.php?rest_route=\/wp\/v2\/pages\/538\/revisions"}],"predecessor-version":[{"id":539,"href":"https:\/\/institutopilar.org.br\/site\/index.php?rest_route=\/wp\/v2\/pages\/538\/revisions\/539"}],"wp:attachment":[{"href":"https:\/\/institutopilar.org.br\/site\/index.php?rest_route=%2Fwp%2Fv2%2Fmedia&parent=538"}],"curies":[{"name":"wp","href":"https:\/\/api.w.org\/{rel}","templated":true}]}}